{"id":769,"date":"2020-02-24T09:21:07","date_gmt":"2020-02-24T08:21:07","guid":{"rendered":"https:\/\/vkjc.bknezmar.cz\/?page_id=769"},"modified":"2020-10-16T21:19:56","modified_gmt":"2020-10-16T19:19:56","slug":"2019-kategorie-vylet-2019","status":"publish","type":"page","link":"https:\/\/vkjc.bknezmar.cz\/?page_id=769","title":{"rendered":"2020 Kategorie V\u00ddLET"},"content":{"rendered":"\n<h2>Dobyvatel\u00e9 kategorie V\u00ddLET<\/h2>\n\n\n\n<ol><li>Jirka Balda Balou\u0161ek     28.4.2020<\/li><li>Standa Koub\u00edk     11.5.2020<\/li><li>Robin Hy\u0161pler      1.6.2020<\/li><li>Ji\u0159ka L\u00edpov\u00e1        6.7.2020<\/li><li>Franta Fousek      7.8.2020<\/li><li>Pavel Had\u00e1\u010dek     13.8.2020<\/li><li>Lud\u011bk S\u00e1ska    8.9.2020<\/li><li>V\u00edt Sirotek   4.10.2020<\/li><li>Tom\u00e1\u0161 Stan\u011bk Stenly 5.10.2020<\/li><li>Jarda Jarun Veltrusk\u00fd 13.10.2020<\/li><li>Bohumil Kov\u00e1rna 16.10.2020<\/li><\/ol>\n\n\n\n<h2>Mapa Vrchol\u016f (kategorie V\u00ddKON a V\u00ddLET dohromady):<\/h2>\n\n\n\n<iframe width=\"700\" height=\"466\" src=\"https:\/\/frame.mapy.cz\/s\/muzutenanu\" frameborder=\"0\" style=\"border:none\"><\/iframe>\n\n\n\n<h2>Vrcholy kategorie V\u00ddLET:<\/h2>\n\n\n\n<p><strong>1. Prameny Vltavy<\/strong>                                        1.175 m n.m.<\/p>\n\n\n\n<figure class=\"wp-block-image size-large is-resized\"><a href=\"https:\/\/mapy.cz\/s\/felatazere\" target=\"_blank\" rel=\"noreferrer noopener\"><img loading=\"lazy\" src=\"https:\/\/vkjc.bknezmar.cz\/wp-content\/uploads\/2020\/02\/01-Prameny-Vltavy.jpg\" alt=\"\" class=\"wp-image-815\" width=\"584\" height=\"438\" srcset=\"https:\/\/vkjc.bknezmar.cz\/wp-content\/uploads\/2020\/02\/01-Prameny-Vltavy.jpg 666w, https:\/\/vkjc.bknezmar.cz\/wp-content\/uploads\/2020\/02\/01-Prameny-Vltavy-300x225.jpg 300w, https:\/\/vkjc.bknezmar.cz\/wp-content\/uploads\/2020\/02\/01-Prameny-Vltavy-150x113.jpg 150w, https:\/\/vkjc.bknezmar.cz\/wp-content\/uploads\/2020\/02\/01-Prameny-Vltavy-400x300.jpg 400w\" sizes=\"(max-width: 584px) 100vw, 584px\" \/><\/a><\/figure>\n\n\n\n<p><strong>2. K\u0159\u00ed\u017eov\u00e1 hora <\/strong>                                                623 m n.m.<\/p>\n\n\n\n<figure class=\"wp-block-image size-large is-resized\"><a href=\"https:\/\/mapy.cz\/s\/genedepago\" target=\"_blank\" rel=\"noreferrer noopener\"><img loading=\"lazy\" src=\"https:\/\/vkjc.bknezmar.cz\/wp-content\/uploads\/2020\/02\/07-K\u0159\u00ed\u017eov\u00e1-hora-1.jpeg\" alt=\"\" class=\"wp-image-828\" width=\"586\" height=\"391\" srcset=\"https:\/\/vkjc.bknezmar.cz\/wp-content\/uploads\/2020\/02\/07-K\u0159\u00ed\u017eov\u00e1-hora-1.jpeg 667w, https:\/\/vkjc.bknezmar.cz\/wp-content\/uploads\/2020\/02\/07-K\u0159\u00ed\u017eov\u00e1-hora-1-300x200.jpeg 300w, https:\/\/vkjc.bknezmar.cz\/wp-content\/uploads\/2020\/02\/07-K\u0159\u00ed\u017eov\u00e1-hora-1-150x100.jpeg 150w\" sizes=\"(max-width: 586px) 100vw, 586px\" \/><\/a><\/figure>\n\n\n\n<p><strong>3. Vandli\u010dka<\/strong> 500 m n.m.<\/p>\n\n\n\n<figure class=\"wp-block-image size-large is-resized\"><a href=\"https:\/\/mapy.cz\/s\/camuhabada\" target=\"_blank\" rel=\"noreferrer noopener\"><img loading=\"lazy\" src=\"https:\/\/vkjc.bknezmar.cz\/wp-content\/uploads\/2020\/02\/11-Vandli\u010dka.jpeg\" alt=\"\" class=\"wp-image-847\" width=\"588\" height=\"441\" srcset=\"https:\/\/vkjc.bknezmar.cz\/wp-content\/uploads\/2020\/02\/11-Vandli\u010dka.jpeg 666w, https:\/\/vkjc.bknezmar.cz\/wp-content\/uploads\/2020\/02\/11-Vandli\u010dka-300x225.jpeg 300w, https:\/\/vkjc.bknezmar.cz\/wp-content\/uploads\/2020\/02\/11-Vandli\u010dka-150x113.jpeg 150w, https:\/\/vkjc.bknezmar.cz\/wp-content\/uploads\/2020\/02\/11-Vandli\u010dka-400x300.jpeg 400w\" sizes=\"(max-width: 588px) 100vw, 588px\" \/><\/a><\/figure>\n\n\n\n<p><strong>4. \u0160elmberk<\/strong> 485 m n.m.<\/p>\n\n\n\n<figure class=\"wp-block-image size-large is-resized\"><a href=\"https:\/\/mapy.cz\/s\/potesadupo\" target=\"_blank\" rel=\"noreferrer noopener\"><img loading=\"lazy\" src=\"https:\/\/vkjc.bknezmar.cz\/wp-content\/uploads\/2020\/02\/16-\u0160elmberk-1.jpg\" alt=\"\" class=\"wp-image-851\" width=\"585\" height=\"389\" srcset=\"https:\/\/vkjc.bknezmar.cz\/wp-content\/uploads\/2020\/02\/16-\u0160elmberk-1.jpg 667w, https:\/\/vkjc.bknezmar.cz\/wp-content\/uploads\/2020\/02\/16-\u0160elmberk-1-300x199.jpg 300w, https:\/\/vkjc.bknezmar.cz\/wp-content\/uploads\/2020\/02\/16-\u0160elmberk-1-150x100.jpg 150w\" sizes=\"(max-width: 585px) 100vw, 585px\" \/><\/a><\/figure>\n\n\n\n<p><strong>5. Z\u0159\u00edcenina kaple Lutov\u00e1<\/strong> 475 m n.m.<\/p>\n\n\n\n<figure class=\"wp-block-image size-large is-resized\"><a href=\"https:\/\/mapy.cz\/s\/kotelocute\" target=\"_blank\" rel=\"noreferrer noopener\"><img loading=\"lazy\" src=\"https:\/\/vkjc.bknezmar.cz\/wp-content\/uploads\/2020\/03\/13-Lutov\u00e1.jpeg\" alt=\"\" class=\"wp-image-856\" width=\"584\" height=\"439\" srcset=\"https:\/\/vkjc.bknezmar.cz\/wp-content\/uploads\/2020\/03\/13-Lutov\u00e1.jpeg 666w, https:\/\/vkjc.bknezmar.cz\/wp-content\/uploads\/2020\/03\/13-Lutov\u00e1-300x225.jpeg 300w, https:\/\/vkjc.bknezmar.cz\/wp-content\/uploads\/2020\/03\/13-Lutov\u00e1-150x113.jpeg 150w, https:\/\/vkjc.bknezmar.cz\/wp-content\/uploads\/2020\/03\/13-Lutov\u00e1-400x300.jpeg 400w\" sizes=\"(max-width: 584px) 100vw, 584px\" \/><\/a><\/figure>\n\n\n\n<p><strong>6. \u0160iben\u00edk<\/strong> 510 m n.m.<\/p>\n\n\n\n<figure class=\"wp-block-image size-large is-resized\"><a href=\"https:\/\/mapy.cz\/s\/dusosefuhe\" target=\"_blank\" rel=\"noreferrer noopener\"><img loading=\"lazy\" src=\"https:\/\/vkjc.bknezmar.cz\/wp-content\/uploads\/2020\/03\/10-\u0160iben\u00edk-1.jpeg\" alt=\"\" class=\"wp-image-863\" width=\"583\" height=\"1037\" srcset=\"https:\/\/vkjc.bknezmar.cz\/wp-content\/uploads\/2020\/03\/10-\u0160iben\u00edk-1.jpeg 281w, https:\/\/vkjc.bknezmar.cz\/wp-content\/uploads\/2020\/03\/10-\u0160iben\u00edk-1-169x300.jpeg 169w, https:\/\/vkjc.bknezmar.cz\/wp-content\/uploads\/2020\/03\/10-\u0160iben\u00edk-1-84x150.jpeg 84w\" sizes=\"(max-width: 583px) 100vw, 583px\" \/><\/a><\/figure>\n\n\n\n<p><strong>7. Nejji\u017en\u011bj\u0161\u00ed bod \u010cR <\/strong>705 m n.m.<\/p>\n\n\n\n<figure class=\"wp-block-image size-large is-resized\"><a href=\"https:\/\/mapy.cz\/s\/harevamode\" target=\"_blank\" rel=\"noreferrer noopener\"><img loading=\"lazy\" src=\"https:\/\/vkjc.bknezmar.cz\/wp-content\/uploads\/2020\/03\/06-nejji\u017en\u011bj\u0161\u00ed-bod-\u010dr.jpeg\" alt=\"\" class=\"wp-image-888\" width=\"585\" height=\"430\" srcset=\"https:\/\/vkjc.bknezmar.cz\/wp-content\/uploads\/2020\/03\/06-nejji\u017en\u011bj\u0161\u00ed-bod-\u010dr-300x221.jpeg 300w, https:\/\/vkjc.bknezmar.cz\/wp-content\/uploads\/2020\/03\/06-nejji\u017en\u011bj\u0161\u00ed-bod-\u010dr-150x111.jpeg 150w\" sizes=\"(max-width: 585px) 100vw, 585px\" \/><\/a><\/figure>\n\n\n\n<p><strong>8. Vod\u0148ansk\u00e9 Svobodn\u00e9 Hory<\/strong> 510 m n.m.<\/p>\n\n\n\n<figure class=\"wp-block-image size-large is-resized\"><a href=\"https:\/\/mapy.cz\/s\/movedenaca\" target=\"_blank\" rel=\"noreferrer noopener\"><img loading=\"lazy\" src=\"https:\/\/vkjc.bknezmar.cz\/wp-content\/uploads\/2020\/03\/08-Vod\u0148ansk\u00e9-Svobodn\u00e9-hory.jpg\" alt=\"\" class=\"wp-image-886\" width=\"582\" height=\"437\" srcset=\"https:\/\/vkjc.bknezmar.cz\/wp-content\/uploads\/2020\/03\/08-Vod\u0148ansk\u00e9-Svobodn\u00e9-hory.jpg 666w, https:\/\/vkjc.bknezmar.cz\/wp-content\/uploads\/2020\/03\/08-Vod\u0148ansk\u00e9-Svobodn\u00e9-hory-300x225.jpg 300w, https:\/\/vkjc.bknezmar.cz\/wp-content\/uploads\/2020\/03\/08-Vod\u0148ansk\u00e9-Svobodn\u00e9-hory-150x113.jpg 150w, https:\/\/vkjc.bknezmar.cz\/wp-content\/uploads\/2020\/03\/08-Vod\u0148ansk\u00e9-Svobodn\u00e9-hory-400x300.jpg 400w\" sizes=\"(max-width: 582px) 100vw, 582px\" \/><\/a><\/figure>\n\n\n\n<p><strong>9. Popeln\u00e1<\/strong> 870 m n.m.<\/p>\n\n\n\n<figure class=\"wp-block-image size-large is-resized\"><a href=\"https:\/\/mapy.cz\/s\/juvabocabo\" target=\"_blank\" rel=\"noreferrer noopener\"><img loading=\"lazy\" src=\"https:\/\/vkjc.bknezmar.cz\/wp-content\/uploads\/2020\/03\/02-Popeln\u00e1.jpeg\" alt=\"\" class=\"wp-image-915\" width=\"584\" height=\"440\" srcset=\"https:\/\/vkjc.bknezmar.cz\/wp-content\/uploads\/2020\/03\/02-Popeln\u00e1.jpeg 665w, https:\/\/vkjc.bknezmar.cz\/wp-content\/uploads\/2020\/03\/02-Popeln\u00e1-300x226.jpeg 300w, https:\/\/vkjc.bknezmar.cz\/wp-content\/uploads\/2020\/03\/02-Popeln\u00e1-150x113.jpeg 150w, https:\/\/vkjc.bknezmar.cz\/wp-content\/uploads\/2020\/03\/02-Popeln\u00e1-400x300.jpeg 400w\" sizes=\"(max-width: 584px) 100vw, 584px\" \/><\/a><\/figure>\n\n\n\n<p><strong>10. \u017didova strouha<\/strong> 360 m n.m.<\/p>\n\n\n\n<figure class=\"wp-block-image size-large is-resized\"><a href=\"https:\/\/mapy.cz\/s\/lemukapufe\" target=\"_blank\" rel=\"noreferrer noopener\"><img loading=\"lazy\" src=\"https:\/\/vkjc.bknezmar.cz\/wp-content\/uploads\/2020\/03\/18-\u017didova-strouha-1.jpeg\" alt=\"\" class=\"wp-image-911\" width=\"584\" height=\"779\" srcset=\"https:\/\/vkjc.bknezmar.cz\/wp-content\/uploads\/2020\/03\/18-\u017didova-strouha-1.jpeg 375w, https:\/\/vkjc.bknezmar.cz\/wp-content\/uploads\/2020\/03\/18-\u017didova-strouha-1-225x300.jpeg 225w, https:\/\/vkjc.bknezmar.cz\/wp-content\/uploads\/2020\/03\/18-\u017didova-strouha-1-113x150.jpeg 113w\" sizes=\"(max-width: 584px) 100vw, 584px\" \/><\/a><\/figure>\n\n\n\n<p><strong>11. Pivovar Horn\u00ed Chr\u00e1\u0161\u0165any<\/strong> 520 m n.m.<\/p>\n\n\n\n<figure class=\"wp-block-image size-large is-resized\"><a href=\"https:\/\/mapy.cz\/s\/luzuhepoca\" target=\"_blank\" rel=\"noreferrer noopener\"><img loading=\"lazy\" src=\"https:\/\/vkjc.bknezmar.cz\/wp-content\/uploads\/2020\/03\/19-Horn\u00ed-Chr\u00e1\u0161\u0165any-1024x576.jpg\" alt=\"\" class=\"wp-image-944\" width=\"583\" height=\"328\" srcset=\"https:\/\/vkjc.bknezmar.cz\/wp-content\/uploads\/2020\/03\/19-Horn\u00ed-Chr\u00e1\u0161\u0165any-1024x576.jpg 1024w, https:\/\/vkjc.bknezmar.cz\/wp-content\/uploads\/2020\/03\/19-Horn\u00ed-Chr\u00e1\u0161\u0165any-300x169.jpg 300w, https:\/\/vkjc.bknezmar.cz\/wp-content\/uploads\/2020\/03\/19-Horn\u00ed-Chr\u00e1\u0161\u0165any-768x432.jpg 768w, https:\/\/vkjc.bknezmar.cz\/wp-content\/uploads\/2020\/03\/19-Horn\u00ed-Chr\u00e1\u0161\u0165any-150x84.jpg 150w, https:\/\/vkjc.bknezmar.cz\/wp-content\/uploads\/2020\/03\/19-Horn\u00ed-Chr\u00e1\u0161\u0165any-800x450.jpg 800w, https:\/\/vkjc.bknezmar.cz\/wp-content\/uploads\/2020\/03\/19-Horn\u00ed-Chr\u00e1\u0161\u0165any.jpg 1244w\" sizes=\"(max-width: 583px) 100vw, 583px\" \/><\/a><\/figure>\n\n\n\n<p><strong>12. Rozhledna Sv\u00e1kov<\/strong> 445 m n.m.<\/p>\n\n\n\n<figure class=\"wp-block-image size-large is-resized\"><a href=\"https:\/\/mapy.cz\/s\/nudahobese\" target=\"_blank\" rel=\"noreferrer noopener\"><img loading=\"lazy\" src=\"https:\/\/vkjc.bknezmar.cz\/wp-content\/uploads\/2020\/03\/14-Sv\u00e1kov-1.jpg\" alt=\"\" class=\"wp-image-946\" width=\"585\" height=\"327\" srcset=\"https:\/\/vkjc.bknezmar.cz\/wp-content\/uploads\/2020\/03\/14-Sv\u00e1kov-1.jpg 667w, https:\/\/vkjc.bknezmar.cz\/wp-content\/uploads\/2020\/03\/14-Sv\u00e1kov-1-300x168.jpg 300w, https:\/\/vkjc.bknezmar.cz\/wp-content\/uploads\/2020\/03\/14-Sv\u00e1kov-1-150x84.jpg 150w\" sizes=\"(max-width: 585px) 100vw, 585px\" \/><\/a><\/figure>\n\n\n\n<p><strong>13. Vysok\u00fd k\u00e1men<\/strong> 728 m n.m.<\/p>\n\n\n\n<figure class=\"wp-block-image size-large is-resized\"><a href=\"https:\/\/mapy.cz\/s\/hezotegotu\" target=\"_blank\" rel=\"noreferrer noopener\"><img loading=\"lazy\" src=\"https:\/\/vkjc.bknezmar.cz\/wp-content\/uploads\/2020\/03\/17-Vysok\u00fd-k\u00e1men-1.jpeg\" alt=\"\" class=\"wp-image-965\" width=\"584\" height=\"779\" srcset=\"https:\/\/vkjc.bknezmar.cz\/wp-content\/uploads\/2020\/03\/17-Vysok\u00fd-k\u00e1men-1.jpeg 375w, https:\/\/vkjc.bknezmar.cz\/wp-content\/uploads\/2020\/03\/17-Vysok\u00fd-k\u00e1men-1-225x300.jpeg 225w, https:\/\/vkjc.bknezmar.cz\/wp-content\/uploads\/2020\/03\/17-Vysok\u00fd-k\u00e1men-1-113x150.jpeg 113w\" sizes=\"(max-width: 584px) 100vw, 584px\" \/><\/a><\/figure>\n\n\n\n<p><strong>14. Jezern\u00ed vyhl\u00eddka<\/strong> 805 m n.m.<\/p>\n\n\n\n<figure class=\"wp-block-image size-large is-resized\"><a href=\"https:\/\/mapy.cz\/s\/bevehotavu\" target=\"_blank\" rel=\"noreferrer noopener\"><img loading=\"lazy\" src=\"https:\/\/vkjc.bknezmar.cz\/wp-content\/uploads\/2020\/03\/05-Jezern\u00ed-vyhl\u00eddka.jpeg\" alt=\"\" class=\"wp-image-968\" width=\"581\" height=\"436\" srcset=\"https:\/\/vkjc.bknezmar.cz\/wp-content\/uploads\/2020\/03\/05-Jezern\u00ed-vyhl\u00eddka.jpeg 666w, https:\/\/vkjc.bknezmar.cz\/wp-content\/uploads\/2020\/03\/05-Jezern\u00ed-vyhl\u00eddka-300x225.jpeg 300w, https:\/\/vkjc.bknezmar.cz\/wp-content\/uploads\/2020\/03\/05-Jezern\u00ed-vyhl\u00eddka-150x113.jpeg 150w, https:\/\/vkjc.bknezmar.cz\/wp-content\/uploads\/2020\/03\/05-Jezern\u00ed-vyhl\u00eddka-400x300.jpeg 400w\" sizes=\"(max-width: 581px) 100vw, 581px\" \/><\/a><\/figure>\n\n\n\n<p><strong>15. Menhir Mudrc<\/strong> 985 m n.m.<\/p>\n\n\n\n<figure class=\"wp-block-image size-large is-resized\"><a href=\"https:\/\/mapy.cz\/s\/genateteru\" target=\"_blank\" rel=\"noreferrer noopener\"><img loading=\"lazy\" src=\"https:\/\/vkjc.bknezmar.cz\/wp-content\/uploads\/2020\/03\/03-Menhir-Mudrc-1.jpeg\" alt=\"\" class=\"wp-image-987\" width=\"581\" height=\"775\" srcset=\"https:\/\/vkjc.bknezmar.cz\/wp-content\/uploads\/2020\/03\/03-Menhir-Mudrc-1.jpeg 375w, https:\/\/vkjc.bknezmar.cz\/wp-content\/uploads\/2020\/03\/03-Menhir-Mudrc-1-225x300.jpeg 225w, https:\/\/vkjc.bknezmar.cz\/wp-content\/uploads\/2020\/03\/03-Menhir-Mudrc-1-113x150.jpeg 113w\" sizes=\"(max-width: 581px) 100vw, 581px\" \/><\/a><\/figure>\n\n\n\n<p><strong>16. \u017dof\u00edn<\/strong> 745 m n.m.<\/p>\n\n\n\n<figure class=\"wp-block-image size-large is-resized\"><a href=\"https:\/\/mapy.cz\/s\/geramosema\" target=\"_blank\" rel=\"noreferrer noopener\"><img loading=\"lazy\" src=\"https:\/\/vkjc.bknezmar.cz\/wp-content\/uploads\/2020\/03\/12-\u017dof\u00edn.jpeg\" alt=\"\" class=\"wp-image-991\" width=\"583\" height=\"328\" srcset=\"https:\/\/vkjc.bknezmar.cz\/wp-content\/uploads\/2020\/03\/12-\u017dof\u00edn.jpeg 667w, https:\/\/vkjc.bknezmar.cz\/wp-content\/uploads\/2020\/03\/12-\u017dof\u00edn-300x169.jpeg 300w, https:\/\/vkjc.bknezmar.cz\/wp-content\/uploads\/2020\/03\/12-\u017dof\u00edn-150x84.jpeg 150w\" sizes=\"(max-width: 583px) 100vw, 583px\" \/><\/a><\/figure>\n\n\n\n<p><strong>17. L\u00e1zn\u011b svat\u00e9 Mark\u00e9ty<\/strong> 640 m n.m.<\/p>\n\n\n\n<figure class=\"wp-block-image size-large is-resized\"><a href=\"https:\/\/mapy.cz\/s\/kodacanoma\" target=\"_blank\" rel=\"noreferrer noopener\"><img loading=\"lazy\" src=\"https:\/\/vkjc.bknezmar.cz\/wp-content\/uploads\/2020\/03\/20-L\u00e1zn\u011b-sv-Mark\u00e9ty.jpg\" alt=\"\" class=\"wp-image-1008\" width=\"582\" height=\"387\" srcset=\"https:\/\/vkjc.bknezmar.cz\/wp-content\/uploads\/2020\/03\/20-L\u00e1zn\u011b-sv-Mark\u00e9ty.jpg 667w, https:\/\/vkjc.bknezmar.cz\/wp-content\/uploads\/2020\/03\/20-L\u00e1zn\u011b-sv-Mark\u00e9ty-300x200.jpg 300w, https:\/\/vkjc.bknezmar.cz\/wp-content\/uploads\/2020\/03\/20-L\u00e1zn\u011b-sv-Mark\u00e9ty-150x100.jpg 150w\" sizes=\"(max-width: 582px) 100vw, 582px\" \/><\/a><\/figure>\n\n\n\n<p><strong>18. Pacova hora &#8211; kapli\u010dka<\/strong> 585 m n.m.<\/p>\n\n\n\n<figure class=\"wp-block-image size-large is-resized\"><a href=\"https:\/\/mapy.cz\/s\/geselavufe\" target=\"_blank\" rel=\"noreferrer noopener\"><img loading=\"lazy\" src=\"https:\/\/vkjc.bknezmar.cz\/wp-content\/uploads\/2020\/03\/15-Pacova-hora-1.jpg\" alt=\"\" class=\"wp-image-1018\" width=\"583\" height=\"1037\" srcset=\"https:\/\/vkjc.bknezmar.cz\/wp-content\/uploads\/2020\/03\/15-Pacova-hora-1.jpg 281w, https:\/\/vkjc.bknezmar.cz\/wp-content\/uploads\/2020\/03\/15-Pacova-hora-1-169x300.jpg 169w, https:\/\/vkjc.bknezmar.cz\/wp-content\/uploads\/2020\/03\/15-Pacova-hora-1-84x150.jpg 84w\" sizes=\"(max-width: 583px) 100vw, 583px\" \/><\/a><\/figure>\n\n\n\n<p><strong>19. V\u011btrn\u00e1 sk\u00e1la<\/strong> 1.015 m n.m.<\/p>\n\n\n\n<figure class=\"wp-block-image size-large is-resized\"><a href=\"https:\/\/mapy.cz\/s\/cupenehote\" target=\"_blank\" rel=\"noreferrer noopener\"><img loading=\"lazy\" src=\"https:\/\/vkjc.bknezmar.cz\/wp-content\/uploads\/2020\/03\/04-V\u011btrn\u00e1-sk\u00e1la-1.jpg\" alt=\"\" class=\"wp-image-1059\" width=\"583\" height=\"328\" srcset=\"https:\/\/vkjc.bknezmar.cz\/wp-content\/uploads\/2020\/03\/04-V\u011btrn\u00e1-sk\u00e1la-1.jpg 667w, https:\/\/vkjc.bknezmar.cz\/wp-content\/uploads\/2020\/03\/04-V\u011btrn\u00e1-sk\u00e1la-1-300x169.jpg 300w, https:\/\/vkjc.bknezmar.cz\/wp-content\/uploads\/2020\/03\/04-V\u011btrn\u00e1-sk\u00e1la-1-150x84.jpg 150w\" sizes=\"(max-width: 583px) 100vw, 583px\" \/><\/a><\/figure>\n\n\n\n<p><strong>20. Ro\u017emit\u00e1l na \u0160umav\u011b<\/strong> 625 m n.m.<\/p>\n\n\n\n<figure class=\"wp-block-image size-large is-resized\"><a href=\"https:\/\/mapy.cz\/s\/kezodaneto\" target=\"_blank\" rel=\"noreferrer noopener\"><img loading=\"lazy\" src=\"https:\/\/vkjc.bknezmar.cz\/wp-content\/uploads\/2020\/03\/08-Ro\u017emit\u00e1l.jpg\" alt=\"\" class=\"wp-image-1088\" width=\"583\" height=\"366\" srcset=\"https:\/\/vkjc.bknezmar.cz\/wp-content\/uploads\/2020\/03\/08-Ro\u017emit\u00e1l.jpg 638w, https:\/\/vkjc.bknezmar.cz\/wp-content\/uploads\/2020\/03\/08-Ro\u017emit\u00e1l-300x189.jpg 300w, https:\/\/vkjc.bknezmar.cz\/wp-content\/uploads\/2020\/03\/08-Ro\u017emit\u00e1l-150x94.jpg 150w\" sizes=\"(max-width: 583px) 100vw, 583px\" \/><\/a><\/figure>\n","protected":false},"excerpt":{"rendered":"<p>Dobyvatel\u00e9 kategorie V\u00ddLET Jirka Balda Balou\u0161ek 28.4.2020 Standa Koub\u00edk 11.5.2020 Robin Hy\u0161pler 1.6.2020 Ji\u0159ka L\u00edpov\u00e1 6.7.2020 Franta Fousek 7.8.2020 Pavel Had\u00e1\u010dek 13.8.2020 Lud\u011bk S\u00e1ska 8.9.2020 V\u00edt Sirotek 4.10.2020 Tom\u00e1\u0161 Stan\u011bk Stenly 5.10.2020 Jarda Jarun Veltrusk\u00fd 13.10.2020 Bohumil Kov\u00e1rna 16.10.2020 Mapa Vrchol\u016f (kategorie V\u00ddKON a V\u00ddLET dohromady): Vrcholy kategorie V\u00ddLET: 1. Prameny Vltavy 1.175 m n.m&#8230;.<\/p>\n","protected":false},"author":2,"featured_media":0,"parent":765,"menu_order":0,"comment_status":"closed","ping_status":"closed","template":"","meta":[],"_links":{"self":[{"href":"https:\/\/vkjc.bknezmar.cz\/index.php?rest_route=\/wp\/v2\/pages\/769"}],"collection":[{"href":"https:\/\/vkjc.bknezmar.cz\/index.php?rest_route=\/wp\/v2\/pages"}],"about":[{"href":"https:\/\/vkjc.bknezmar.cz\/index.php?rest_route=\/wp\/v2\/types\/page"}],"author":[{"embeddable":true,"href":"https:\/\/vkjc.bknezmar.cz\/index.php?rest_route=\/wp\/v2\/users\/2"}],"replies":[{"embeddable":true,"href":"https:\/\/vkjc.bknezmar.cz\/index.php?rest_route=%2Fwp%2Fv2%2Fcomments&post=769"}],"version-history":[{"count":70,"href":"https:\/\/vkjc.bknezmar.cz\/index.php?rest_route=\/wp\/v2\/pages\/769\/revisions"}],"predecessor-version":[{"id":2053,"href":"https:\/\/vkjc.bknezmar.cz\/index.php?rest_route=\/wp\/v2\/pages\/769\/revisions\/2053"}],"up":[{"embeddable":true,"href":"https:\/\/vkjc.bknezmar.cz\/index.php?rest_route=\/wp\/v2\/pages\/765"}],"wp:attachment":[{"href":"https:\/\/vkjc.bknezmar.cz\/index.php?rest_route=%2Fwp%2Fv2%2Fmedia&parent=769"}],"curies":[{"name":"wp","href":"https:\/\/api.w.org\/{rel}","templated":true}]}}