{"id":149,"date":"2020-02-04T20:24:53","date_gmt":"2020-02-04T19:24:53","guid":{"rendered":"https:\/\/vkjc.bknezmar.cz\/?page_id=149"},"modified":"2022-02-12T11:15:21","modified_gmt":"2022-02-12T10:15:21","slug":"co-je-vkjc","status":"publish","type":"page","link":"https:\/\/vkjc.bknezmar.cz\/?page_id=149","title":{"rendered":"Co je VKJ\u010c"},"content":{"rendered":"\n<figure class=\"wp-block-gallery columns-1 is-cropped\"><ul class=\"blocks-gallery-grid\"><li class=\"blocks-gallery-item\"><figure><img loading=\"lazy\" width=\"1024\" height=\"228\" src=\"https:\/\/vkjc.bknezmar.cz\/wp-content\/uploads\/2020\/02\/novohr-hory-1-1024x228.jpg\" alt=\"\" data-id=\"173\" data-full-url=\"https:\/\/vkjc.bknezmar.cz\/wp-content\/uploads\/2020\/02\/novohr-hory-1.jpg\" data-link=\"https:\/\/vkjc.bknezmar.cz\/?attachment_id=173\" class=\"wp-image-173\" srcset=\"https:\/\/vkjc.bknezmar.cz\/wp-content\/uploads\/2020\/02\/novohr-hory-1-1024x228.jpg 1024w, https:\/\/vkjc.bknezmar.cz\/wp-content\/uploads\/2020\/02\/novohr-hory-1-300x67.jpg 300w, https:\/\/vkjc.bknezmar.cz\/wp-content\/uploads\/2020\/02\/novohr-hory-1-768x171.jpg 768w, https:\/\/vkjc.bknezmar.cz\/wp-content\/uploads\/2020\/02\/novohr-hory-1-150x33.jpg 150w, https:\/\/vkjc.bknezmar.cz\/wp-content\/uploads\/2020\/02\/novohr-hory-1-800x178.jpg 800w, https:\/\/vkjc.bknezmar.cz\/wp-content\/uploads\/2020\/02\/novohr-hory-1.jpg 1100w\" sizes=\"(max-width: 1024px) 100vw, 1024px\" \/><\/figure><\/li><\/ul><\/figure>\n\n\n\n<p>Autorem my\u0161lenky Vrcha\u0159sk\u00fdch korun je Adam Hloch, kter\u00fd v roce 2013 spustil Vrcha\u0159skou korunu Vala\u0161ska, na n\u00ed\u017e se postupem \u010dasu nabaluj\u00ed sestersk\u00e9 projekty v dal\u0161\u00edch regionech \u010cesk\u00e9 republiky a Slovenska &#8211; <a href=\"http:\/\/vk-bike.eu\/\" target=\"_blank\" rel=\"noreferrer noopener\">http:\/\/vk-bike.eu\/<\/a>.<\/p>\n\n\n\n<p>Vrcha\u0159sk\u00e9 koruny jsou cykloturistick\u00e9 akce pro milovn\u00edky j\u00edzdn\u00edch kol a p\u0159\u00edrody bez rozd\u00edlu v\u011bku, v\u00fdkonnosti a pohlav\u00ed. Nejsou prim\u00e1rn\u011b sout\u011b\u017e\u00ed, ale motiva\u010dn\u00edm prvkem pro ve\u0159ejnost, aby sportovala (jezdila na kole) v p\u0159\u00edrod\u011b.<\/p>\n\n\n\n<p><\/p>\n\n\n\n<p>Vrcha\u0159sk\u00e1 koruna ji\u017en\u00edch \u010cech vznikla v roce 2015 z\u00e1sluhou otce zakladatele Lojzy Orgon\u011b. Od ro\u010dn\u00edku 2020 se o n\u00ed star\u00e1 parta okolo spolku BK NEZMAR.<\/p>\n\n\n\n<p><strong>VKJ\u010c je nez\u00e1vodn\u00ed cyklistick\u00e1 akce, kter\u00e1 v\u00e1s zavede do r\u016fzn\u00fdch kout\u016f Ji\u017en\u00edch \u010cech. Podm\u00ednkou \u00fasp\u011bchu v t\u00e9to akci je v term\u00ednu od 1. dubna do 30. listopadu nav\u0161t\u00edvit na kole 20 vypsan\u00fdch vrchol\u016f v Ji\u017en\u00edch \u010cech\u00e1ch.<br>Vrcha\u0159skou korunu Ji\u017en\u00edch \u010cech z\u00edsk\u00e1 ka\u017ed\u00fd biker, kter\u00fd zdol\u00e1 v dan\u00e9m obdob\u00ed v\u0161ech 20 p\u0159edepsan\u00fdch vrchol\u016f. Jako d\u016fkaz je t\u0159eba se na ka\u017ed\u00e9m vrcholu vyfotit, ide\u00e1ln\u011b s kolem, a pak poslat v\u0161ech 20 fotografi\u00ed organiz\u00e1tor\u016fm VKJ\u010c. O po\u0159ad\u00ed bude rozhodovat datum odesl\u00e1n\u00ed fotografi\u00ed.<\/strong><\/p>\n\n\n\n<p>Ka\u017ed\u00fd si m\u016f\u017ee vyhradit pr\u00e1vo nezve\u0159ejnit na webov\u00fdch str\u00e1nk\u00e1ch VKJ\u010c informace o n\u011bm nebo jeho fotografie z vyj\u00ed\u017ed\u011bk, jinak v\u0161ak s t\u00edmto souhlas\u00ed. \u00da\u010dastn\u00edk VKJ\u010c se akce \u00fa\u010dastn\u00ed na vlastn\u00ed odpov\u011bdnost. VKJ\u010c nenese \u017e\u00e1dnou odpov\u011bdnost za materi\u00e1ln\u00ed \u0161kody a \u0161kody na zdrav\u00ed, jako\u017eto ani \u017e\u00e1dn\u00e9 dal\u0161\u00ed \u0161kody a \u00fajmy, jimi\u017e m\u016f\u017ee b\u00fdt posti\u017een \u00fa\u010dastn\u00edk VKJ\u010c. To sam\u00e9 plat\u00ed pro \u0161kody a \u00fajmy t\u0159et\u00edm stran\u00e1m vznikl\u00fdch v souvislosti se \u0161kodou nebo \u00fajmou zp\u016fsobenou \u00fa\u010dastn\u00edkem nebo \u00fa\u010dastn\u00edkovi. <\/p>\n\n\n\n<p>Dbejte osobn\u00ed bezpe\u010dnosti, dodr\u017eujte pravidla silni\u010dn\u00edho provozu, ochrany p\u0159\u00edrody, N\u00e1rodn\u00edho parku \u0160umava, Vojensk\u00e9ho \u00fajezdu Boletice &#8230; p\u0159i vyj\u00ed\u017e\u010fk\u00e1ch zkr\u00e1tka pou\u017e\u00edvejte hlavu &#8211; na no\u0161en\u00ed helmy i na p\u0159em\u00fd\u0161len\u00ed zdrav\u00fdm rozumem! A pamatujte, reprezentujete v\u0161echny cyklisty!<\/p>\n\n\n\n<p><a href=\"https:\/\/cemba.eu\/kodex-61\">https:\/\/<\/a><a href=\"https:\/\/cemba.eu\/kodex-61\" target=\"_blank\" rel=\"noreferrer noopener\">cemba<\/a><a href=\"https:\/\/cemba.eu\/kodex-61\">.<\/a><a href=\"https:\/\/cemba.eu\/kodex-61\" target=\"_blank\" rel=\"noreferrer noopener\">eu<\/a><a href=\"https:\/\/cemba.eu\/kodex-61\">\/kodex-61<\/a><\/p>\n\n\n\n<p>\u0160\u0165astnou cestu!<\/p>\n","protected":false},"excerpt":{"rendered":"<p>Autorem my\u0161lenky Vrcha\u0159sk\u00fdch korun je Adam Hloch, kter\u00fd v roce 2013 spustil Vrcha\u0159skou korunu Vala\u0161ska, na n\u00ed\u017e se postupem \u010dasu nabaluj\u00ed sestersk\u00e9 projekty v dal\u0161\u00edch regionech \u010cesk\u00e9 republiky a Slovenska &#8211; http:\/\/vk-bike.eu\/. Vrcha\u0159sk\u00e9 koruny jsou cykloturistick\u00e9 akce pro milovn\u00edky j\u00edzdn\u00edch kol a p\u0159\u00edrody bez rozd\u00edlu v\u011bku, v\u00fdkonnosti a pohlav\u00ed. Nejsou prim\u00e1rn\u011b sout\u011b\u017e\u00ed, ale motiva\u010dn\u00edm prvkem&#8230;<\/p>\n","protected":false},"author":2,"featured_media":0,"parent":0,"menu_order":0,"comment_status":"closed","ping_status":"closed","template":"","meta":[],"_links":{"self":[{"href":"https:\/\/vkjc.bknezmar.cz\/index.php?rest_route=\/wp\/v2\/pages\/149"}],"collection":[{"href":"https:\/\/vkjc.bknezmar.cz\/index.php?rest_route=\/wp\/v2\/pages"}],"about":[{"href":"https:\/\/vkjc.bknezmar.cz\/index.php?rest_route=\/wp\/v2\/types\/page"}],"author":[{"embeddable":true,"href":"https:\/\/vkjc.bknezmar.cz\/index.php?rest_route=\/wp\/v2\/users\/2"}],"replies":[{"embeddable":true,"href":"https:\/\/vkjc.bknezmar.cz\/index.php?rest_route=%2Fwp%2Fv2%2Fcomments&post=149"}],"version-history":[{"count":35,"href":"https:\/\/vkjc.bknezmar.cz\/index.php?rest_route=\/wp\/v2\/pages\/149\/revisions"}],"predecessor-version":[{"id":3804,"href":"https:\/\/vkjc.bknezmar.cz\/index.php?rest_route=\/wp\/v2\/pages\/149\/revisions\/3804"}],"wp:attachment":[{"href":"https:\/\/vkjc.bknezmar.cz\/index.php?rest_route=%2Fwp%2Fv2%2Fmedia&parent=149"}],"curies":[{"name":"wp","href":"https:\/\/api.w.org\/{rel}","templated":true}]}}